{"id":91,"date":"2019-12-13T07:48:03","date_gmt":"2019-12-13T07:48:03","guid":{"rendered":"http:\/\/savedonderberg.laeken.brussels\/?page_id=91"},"modified":"2021-03-12T20:05:06","modified_gmt":"2021-03-12T20:05:06","slug":"arguments","status":"publish","type":"page","link":"https:\/\/savedonderberg.laeken.brussels\/index.php\/arguments\/","title":{"rendered":"Des arguments infond\u00e9s"},"content":{"rendered":"\n<p><em>Fact checking des arguments expos\u00e9s par le Bourgmestre ou son Echevin, M. Zian (article paru dans le journal <a aria-label=\"soir (opens in a new tab)\" rel=\"noreferrer noopener\" href=\"https:\/\/plus.lesoir.be\/266098\/article\/2019-12-10\/bruxelles-combat-urbain-au-donderberg-les-riverains-inquiets?fbclid=IwAR0GrnRwZLVb8ym__5i1DNA9vKX3UWtF81N6E0D64LV55d06os2wmk_4M50\" target=\"_blank\">Le Soir<\/a>)<\/em><\/p>\n\n\n\n<p><strong>Il s&#8217;agit ici de la r\u00e9action \u00e0 un article du Soir sur le projet HOP3 (2019)<\/strong> <strong>La r\u00e9action reste pertinente,mais les chiffres doivent etre mis \u00e0 jour<\/strong><br><br>1. &#8220;On a besoin d\u2019\u00e9cole&#8221; mart\u00e8le Philippe Close<br><br>C\u2019est une antienne bien commode. <br>Deux  \u00e9l\u00e9ments \u00e0 prendre en compte, on manquait effectivement de places dans  le fondamental il y a 10 ans au moment o\u00f9 fut (mal) pens\u00e9 le projet.  Entre-temps des \u00e9tablissements scolaires ont vu le jour \u00e0 Laeken et la  d\u00e9mographie a elle consid\u00e9rablement mu\u00e9.<\/p>\n\n\n\n<p>Rappelons que des opportunit\u00e9s de construire une \u00e9cole \u00e0 proximit\u00e9 ont \u00e9t\u00e9 rat\u00e9es (ex: projet vanderggoten \u00e0 200m). Il y a aussi des b\u00e2timents scolaires \u00e0 l&#8217;abandon (ancienne acad\u00e9mie de musique \u00e0 300 m)<br>M\u00eame si des  places \u00e9taient encore n\u00e9cessaires, ce n\u2019est pas de cet ordre de  grandeur et ce n\u2019est pas au nom de ce besoin que la destruction d&#8217;un site naturel ou l&#8217;aggravation des probl\u00e8mes d&#8217;inondation peuvent \u00eatre conduit. <\/p>\n\n\n\n<p>Lire \u00e0 ce propos notre analyse de la <a href=\"http:\/\/savedonderberg.laeken.brussels\/index.php\/demographie\/\">d\u00e9mographie<\/a><br><br>2. &#8220;Notre projet c\u2019est la ville \u00e0 10 minutes&#8221;<br><br>M\u00eame  sans compter les 4.000 (!) places scolaires du quartier qui n\u2019ont  l\u2019air de compter parce qu\u2019elles ne rel\u00e8vent pas de l\u2019enseignement communal  ou de l\u2019enseignement francophone, l\u2019\u00e9cole Steyls est-elle bien \u00e0 10  minutes \u00e0 pied et est loin d\u2019\u00eatre \u00e0 saturation.<br>Le projet HOP  a \u00e9t\u00e9 pens\u00e9 pour r\u00e9pondre \u00e0 la cr\u00e9ation de logement  dans le cadre de N\u00e9o. Le Donderberg est \u00e0 plus de 20 minutes \u00e0 pied du  Heysel. Entre temps il est pr\u00e9vu de construire une \u00e9cole dans le cadre de NEO.  Pourquoi aucune \u00e9cole fondamentale n\u2019est-elle pr\u00e9vue dans le  cadre de N\u00e9o ? <\/p>\n\n\n\n<p>La ville \u00e0 10 min devrait aussi pr\u00e9voir des parcs. Le Donderberg est \u00e0 10 min de la place Bockstael. C&#8217;est l&#8217;espace vert le plus proche.<br><br>3.&#8221;Le projet Hop figure dans l\u2019accord de majorit\u00e9&#8221;<br><br>Ce n&#8217;est pas le projet qui figure dans l&#8217;accord de majorit\u00e9 mais la construction d&#8217;une \u00e9cole fondamentale, on ne parle pas d&#8217;y faire du logement.  L\u2019accord de majorit\u00e9 pr\u00e9voit par ailleurs une  \u2018\u00e9cole\u2019, sans pr\u00e9ciser son gabarit. Et qu\u2019en est-il des  barres d\u2019appartements et du hall sportif semi-enterr\u00e9 qu\u2019on essaie de lier au projet et qui le rend si exag\u00e9r\u00e9ment dense ? <br><br>4. &#8220;Ce sera une \u00e9cole de quartier&#8221; cingle Khalid Zian. &#8220;Dans ce cas 48% viennent \u00e0 pied, 30 en transport en commun.&#8221;<br><br>Une  \u00e9cole de quartier de 700 \u00e9l\u00e8ves ? Mais de quel quartier parle-t-on ? Le  quartier des horticulteurs ne compte m\u00eame pas 400 logements. Personne  ne vit \u00e0 l\u2019Est du Donderberg (Domaine royal) au Nord du Donderberg  (parcs et domaine du ch\u00e2teau du Stuyvenberg), au Sud : complexe scolaire  et cimeti\u00e8re de Laeken. Sa situation excentr\u00e9e ne pourra qu\u2019entra\u00eener  une utilisation intensive de la voiture (comme on l\u2019observe pour les  \u00e9coles d\u00e9j\u00e0 pr\u00e9sentes dans le quartier et non prises en compte dans  l\u2019\u00e9tude d\u2019incidence).<br><br>Quand bien m\u00eame on partirait  des chiffres hors-sols de 20% d\u2019enfants venant en voiture, cela  \u00e9quivaudrait au vu de la taille de l\u2019\u00e9cole \u00e0 150 v\u00e9hicules (selon la  moyenne r\u00e9gionale, c\u2019est au moins le double) auquel ajouter  l\u2019encadrement de ce mastodonte, les habitants des nouveaux immeubles d\u2019appartements et leur parking de 119 places, tout \u00e7a sur une voirie r\u00e9duite (au point qu\u2019ils pr\u00e9voient dans l\u2019\u00e9troite rue des horticulteurs  de transformer la moiti\u00e9 du stationnement en zone kiss and ride).<br><br>Comment  un quartier d\u00e9j\u00e0 compl\u00e8tement satur\u00e9 par les d\u00e9placements dus aux  \u00e9tablissements scolaires qu\u2019il compte d\u00e9j\u00e0, pourrait-il absorber plus de  v\u00e9hicules encore.<br><br>La Ville cr\u00e9e du chaos au d\u00e9triment des \u00e9tablissements existants et des habitants.<br><br>5. &#8220;On maintient 60% d\u2019espace vert contre 40% de b\u00e2ti&#8221;, mart\u00e8le l\u2019\u00e9chevin.<br><br>M  Zian semble compter dans les espaces verts, les voiries, le  stationnement et les cours de r\u00e9cr\u00e9ations b\u00e9tonn\u00e9es. Nous n\u2019avons pas la  m\u00eame conception des espaces verts.<br>Sans compter l&#8217;atteinte irr\u00e9m\u00e9diable \u00e0 ce refuge pour la faune et la flore, la b\u00e9tonnisation du  Donderberg repr\u00e9sente une menace suppl\u00e9mentaire inacceptable sur un  quartier d\u00e9j\u00e0 r\u00e9guli\u00e8rement et durement touch\u00e9 par les inondations. <br><br>6.&#8221;Mais pour l\u2019instant [le Donderberg] est ferm\u00e9 au public&#8221;, s\u2019\u00e9trangle Khalid Zian.<br><br>Ferm\u00e9  au public par qui ? Par la Ville, propri\u00e9taire et ill\u00e9galement  d\u2019ailleurs puisqu\u2019elle emp\u00eache l\u2019acc\u00e8s de chemins vicinaux existants.  Les riverains ne sont pas du tout oppos\u00e9s \u00e0 ce que cette zone ait une  fonction d\u2019utilit\u00e9 publique ! Ils alertent seulement contre le projet  hors-proportion envisag\u00e9 ! <br><br>7.&#8221;Je ne comprends pas  comment au nom d\u2019un syndrome nimby on s\u2019oppose \u00e0 la construction d\u2019\u00e9cole  et de logements (\u2026) Quoi qu\u2019il en soit nous maintenons le projet parce  que nous sommes confront\u00e9s \u00e0 des urgences sociales et climatiques&#8221;<\/p>\n\n\n\n<p>Les habitants ne sont pas oppos\u00e9s \u00e0 l&#8217;ouverture du lieu au public, au contraire. Il demande un projet raisonnable. <br><br>C\u2019est bien un  probl\u00e8me de vision qu\u2019\u00e0 l\u2019air d\u2019avoir une certaine vieille  garde politique bruxelloise. En voulant mener une politique du chiffre  sans prendre en compte le bon am\u00e9nagement du territoire, les m\u00eames  trouveraient normal de construire des tours de logement au milieu de la  for\u00eat de Soignes, ou faire de la grand place un parking. <br>On  attend de la R\u00e9gie fonci\u00e8re non qu\u2019elle joue au promoteur, mais qu\u2019elle  pallie aux probl\u00e8mes de la Cit\u00e9. Ici, des probl\u00e8mes, elle en cr\u00e9e. La  sacro-sainte densification ( Rappelons que Laeken a d\u00e9j\u00e0 fait beaucoup plus en mati\u00e8re de densification que le reste de la r\u00e9gion) peut se faire en passant par de la r\u00e9novation  et de la r\u00e9affectation de b\u00e2ti existant et non en b\u00e9tonnant les espaces  verts dont manque justement cruellement les quartiers populaires. <br><br>Est-on bien en 2020 ?<\/p>\n","protected":false},"excerpt":{"rendered":"<p>Fact checking des arguments expos\u00e9s par le Bourgmestre ou son Echevin, M. Zian (article paru dans le journal Le Soir) Il s&#8217;agit ici de la r\u00e9action \u00e0 un article du Soir sur le projet HOP3 (2019) La r\u00e9action reste pertinente,mais les chiffres doivent etre mis \u00e0 jour 1. &#8220;On a besoin d\u2019\u00e9cole&#8221; mart\u00e8le Philippe Close &hellip; <\/p>\n<p class=\"link-more\"><a href=\"https:\/\/savedonderberg.laeken.brussels\/index.php\/arguments\/\" class=\"more-link\">Read more<span class=\"screen-reader-text\"> &#8220;Des arguments infond\u00e9s&#8221;<\/span><\/a><\/p>\n","protected":false},"author":1,"featured_media":0,"parent":0,"menu_order":0,"comment_status":"closed","ping_status":"closed","template":"","meta":{"footnotes":""},"yoast_head":"<!-- This site is optimized with the Yoast SEO plugin v15.7 - https:\/\/yoast.com\/wordpress\/plugins\/seo\/ -->\n<title>Des arguments infond\u00e9s - Save Donderberg - Laeken<\/title>\n<meta name=\"robots\" content=\"index, follow, max-snippet:-1, max-image-preview:large, max-video-preview:-1\" \/>\n<link rel=\"canonical\" href=\"https:\/\/savedonderberg.laeken.brussels\/index.php\/arguments\/\" \/>\n<meta property=\"og:locale\" content=\"en_GB\" \/>\n<meta property=\"og:type\" content=\"article\" \/>\n<meta property=\"og:title\" content=\"Des arguments infond\u00e9s - Save Donderberg - Laeken\" \/>\n<meta property=\"og:description\" content=\"Fact checking des arguments expos\u00e9s par le Bourgmestre ou son Echevin, M. Zian (article paru dans le journal Le Soir) Il s&#8217;agit ici de la r\u00e9action \u00e0 un article du Soir sur le projet HOP3 (2019) La r\u00e9action reste pertinente,mais les chiffres doivent etre mis \u00e0 jour 1. &#8220;On a besoin d\u2019\u00e9cole&#8221; mart\u00e8le Philippe Close &hellip; Read more &quot;Des arguments infond\u00e9s&quot;\" \/>\n<meta property=\"og:url\" content=\"https:\/\/savedonderberg.laeken.brussels\/index.php\/arguments\/\" \/>\n<meta property=\"og:site_name\" content=\"Save Donderberg - Laeken\" \/>\n<meta property=\"article:modified_time\" content=\"2021-03-12T20:05:06+00:00\" \/>\n<meta name=\"twitter:card\" content=\"summary_large_image\" \/>\n<meta name=\"twitter:label1\" content=\"Estimated reading time\">\n\t<meta name=\"twitter:data1\" content=\"5 minutes\">\n<script type=\"application\/ld+json\" class=\"yoast-schema-graph\">{\"@context\":\"https:\/\/schema.org\",\"@graph\":[{\"@type\":\"WebSite\",\"@id\":\"https:\/\/savedonderberg.laeken.brussels\/#website\",\"url\":\"https:\/\/savedonderberg.laeken.brussels\/\",\"name\":\"Save Donderberg - Laeken\",\"description\":\"Sauvons l&#039;espace vert du Donderberg \\u00e0 Laeken\",\"potentialAction\":[{\"@type\":\"SearchAction\",\"target\":\"https:\/\/savedonderberg.laeken.brussels\/?s={search_term_string}\",\"query-input\":\"required name=search_term_string\"}],\"inLanguage\":\"en-GB\"},{\"@type\":\"WebPage\",\"@id\":\"https:\/\/savedonderberg.laeken.brussels\/index.php\/arguments\/#webpage\",\"url\":\"https:\/\/savedonderberg.laeken.brussels\/index.php\/arguments\/\",\"name\":\"Des arguments infond\\u00e9s - Save Donderberg - Laeken\",\"isPartOf\":{\"@id\":\"https:\/\/savedonderberg.laeken.brussels\/#website\"},\"datePublished\":\"2019-12-13T07:48:03+00:00\",\"dateModified\":\"2021-03-12T20:05:06+00:00\",\"inLanguage\":\"en-GB\",\"potentialAction\":[{\"@type\":\"ReadAction\",\"target\":[\"https:\/\/savedonderberg.laeken.brussels\/index.php\/arguments\/\"]}]}]}<\/script>\n<!-- \/ Yoast SEO plugin. -->","_links":{"self":[{"href":"https:\/\/savedonderberg.laeken.brussels\/index.php\/wp-json\/wp\/v2\/pages\/91"}],"collection":[{"href":"https:\/\/savedonderberg.laeken.brussels\/index.php\/wp-json\/wp\/v2\/pages"}],"about":[{"href":"https:\/\/savedonderberg.laeken.brussels\/index.php\/wp-json\/wp\/v2\/types\/page"}],"author":[{"embeddable":true,"href":"https:\/\/savedonderberg.laeken.brussels\/index.php\/wp-json\/wp\/v2\/users\/1"}],"replies":[{"embeddable":true,"href":"https:\/\/savedonderberg.laeken.brussels\/index.php\/wp-json\/wp\/v2\/comments?post=91"}],"version-history":[{"count":19,"href":"https:\/\/savedonderberg.laeken.brussels\/index.php\/wp-json\/wp\/v2\/pages\/91\/revisions"}],"predecessor-version":[{"id":802,"href":"https:\/\/savedonderberg.laeken.brussels\/index.php\/wp-json\/wp\/v2\/pages\/91\/revisions\/802"}],"wp:attachment":[{"href":"https:\/\/savedonderberg.laeken.brussels\/index.php\/wp-json\/wp\/v2\/media?parent=91"}],"curies":[{"name":"wp","href":"https:\/\/api.w.org\/{rel}","templated":true}]}}