{"id":8,"date":"2019-12-06T21:51:10","date_gmt":"2019-12-06T21:51:10","guid":{"rendered":"http:\/\/savedonderberg.laeken.brussels\/?page_id=8"},"modified":"2021-03-17T13:16:16","modified_gmt":"2021-03-17T13:16:16","slug":"histoire","status":"publish","type":"page","link":"https:\/\/savedonderberg.laeken.brussels\/index.php\/histoire\/","title":{"rendered":"Un peu d&#8217;histoire"},"content":{"rendered":"\n<p>De tous temps les paysages de Laeken ont inspir\u00e9 les peintres paysagistes. Ci dessous un tableau d&#8217; Andreas Martin montrant la dr\u00e8ve Saint-Anne au 18 si\u00e8cle et le Donderberg \u00e0 droite.<\/p>\n\n\n\n<figure class=\"wp-block-image size-large\"><img fetchpriority=\"high\" decoding=\"async\" width=\"1024\" height=\"873\" src=\"http:\/\/savedonderberg.laeken.brussels\/wp-content\/uploads\/2021\/03\/161434364_4227431593933663_8905161314827797719_o-1024x873.jpg\" alt=\"\" class=\"wp-image-813\" srcset=\"https:\/\/savedonderberg.laeken.brussels\/wp-content\/uploads\/2021\/03\/161434364_4227431593933663_8905161314827797719_o-1024x873.jpg 1024w, https:\/\/savedonderberg.laeken.brussels\/wp-content\/uploads\/2021\/03\/161434364_4227431593933663_8905161314827797719_o-300x256.jpg 300w, https:\/\/savedonderberg.laeken.brussels\/wp-content\/uploads\/2021\/03\/161434364_4227431593933663_8905161314827797719_o-768x654.jpg 768w, https:\/\/savedonderberg.laeken.brussels\/wp-content\/uploads\/2021\/03\/161434364_4227431593933663_8905161314827797719_o-1536x1309.jpg 1536w, https:\/\/savedonderberg.laeken.brussels\/wp-content\/uploads\/2021\/03\/161434364_4227431593933663_8905161314827797719_o.jpg 2048w\" sizes=\"(max-width: 1024px) 100vw, 1024px\" \/><\/figure>\n\n\n\n<p class=\"has-text-align-left\">Ancienne p\u00e9pini\u00e8re du Domaine royal c\u00e9d\u00e9e en 1900 par L\u00e9opold II \u00e0 l&#8217;\u00c9tat belge dans le cadre de la Loi sur la Donation royale, le Donderberg rec\u00e8le encore des traces de son pass\u00e9 horticole. On y recense notamment des fruitiers anciens, dont des cerisiers et des pommiers en quantit\u00e9, et treize arbres remarquables inscrits \u00e0 l&#8217;inventaire de la R\u00e9gion bruxelloise. Le Donderberg fait partie de l\u2019ensemble constitu\u00e9 par les Jardins du Fleuriste et les serres du Stuyvenberg. Il est travers\u00e9 par un sentier et deux chemins vicinaux.<\/p>\n\n\n\n<figure class=\"wp-block-image size-large is-resized\"><img decoding=\"async\" src=\"http:\/\/savedonderberg.laeken.brussels\/wp-content\/uploads\/2020\/01\/82224996_130263858463728_6085144638891491328_o-1024x596.jpg\" alt=\"\" class=\"wp-image-204\" width=\"674\" height=\"392\" srcset=\"https:\/\/savedonderberg.laeken.brussels\/wp-content\/uploads\/2020\/01\/82224996_130263858463728_6085144638891491328_o-1024x596.jpg 1024w, https:\/\/savedonderberg.laeken.brussels\/wp-content\/uploads\/2020\/01\/82224996_130263858463728_6085144638891491328_o-300x175.jpg 300w, https:\/\/savedonderberg.laeken.brussels\/wp-content\/uploads\/2020\/01\/82224996_130263858463728_6085144638891491328_o-768x447.jpg 768w, https:\/\/savedonderberg.laeken.brussels\/wp-content\/uploads\/2020\/01\/82224996_130263858463728_6085144638891491328_o.jpg 1382w\" sizes=\"(max-width: 674px) 100vw, 674px\" \/><figcaption>Ann\u00e9es 1920 (la 2<sup>e<\/sup> partie de la rue du Mont Saint-Alban n&#8217;est pas encore lotie)<\/figcaption><\/figure>\n\n\n\n<p>Exploit\u00e9 jusque dans les ann\u00e9es 1950, il est acquis en 1969 par le CPAS de la Ville de Bruxelles, qui le cl\u00f4ture. En 1993, le CPAS pr\u00e9voit d&#8217;y construire des tours d&#8217;habitation, suscitant une lev\u00e9e de bouclier des habitants, et la naissance du comit\u00e9 de quartier Donderberg (qui existe toujours).<\/p>\n\n\n\n<p>Laiss\u00e9 \u00e0 l\u2019\u00e9tat sauvage depuis plus de 50 ans, la nature  &#8211; faune et flore &#8211; y a pleinement repris ses droits. En plus d&#8217;\u00eatre un site \u00e0 valeur patrimoniale vu son lien historique avec les parc royaux, Le Donderbeg est un vrai poumon vert !<\/p>\n\n\n\n<figure class=\"wp-block-image size-large\"><img decoding=\"async\" width=\"1024\" height=\"767\" src=\"http:\/\/savedonderberg.laeken.brussels\/wp-content\/uploads\/2019\/12\/Capture-du-2019-12-08-08-46-09-copie-1024x767.png\" alt=\"\" class=\"wp-image-68\" srcset=\"https:\/\/savedonderberg.laeken.brussels\/wp-content\/uploads\/2019\/12\/Capture-du-2019-12-08-08-46-09-copie-1024x767.png 1024w, https:\/\/savedonderberg.laeken.brussels\/wp-content\/uploads\/2019\/12\/Capture-du-2019-12-08-08-46-09-copie-300x225.png 300w, https:\/\/savedonderberg.laeken.brussels\/wp-content\/uploads\/2019\/12\/Capture-du-2019-12-08-08-46-09-copie-768x575.png 768w, https:\/\/savedonderberg.laeken.brussels\/wp-content\/uploads\/2019\/12\/Capture-du-2019-12-08-08-46-09-copie.png 1041w\" sizes=\"(max-width: 1024px) 100vw, 1024px\" \/><figcaption>\u00c0 gauche du site, la rue du Mont Saint-Alban, en contrebas, la rue des Horticulteurs, sur la droite, la rue M\u00e9dori.<\/figcaption><\/figure>\n\n\n\n<p><strong> En 2001<\/strong>, une changement d&#8217;affectation au Plan r\u00e9gional d&#8217;Affectation des Sols (PRAS, en jargon urbanistique) lui attribue la nouvelle fonction de &#8220;zone d&#8217;\u00e9quipement d&#8217;int\u00e9r\u00eat collectif&#8221;. Ce changement d&#8217;affectation est fait sans tambour ni trompette, si bien que les habitants du quartier ne l&#8217;apprennent que bien plus tard, \u00e0 leur d\u00e9pens.<\/p>\n\n\n\n<p><strong>D\u00e8s 2011, les premi\u00e8res mentions d&#8217;un projet d&#8217;\u00e9cole<\/strong> apparaissent dans la presse, suscitant la r\u00e9action du Comit\u00e9 de quartier, qui cherche \u00e0 \u00e9tablir un contact avec la Ville pour en savoir plus et plaider en faveur d&#8217;un autre emplacement. En effet, un autre  projet de taille pr\u00e9occupe d\u00e9j\u00e0  le quartier, \u00e0 savoir l&#8217;installation de l&#8217;\u00e9norme \u00c9cole europ\u00e9enne IV entre le rue M\u00e9dori, l&#8217;avenue des Robiniers et la Dr\u00e8ve Sainte-Anne, \u00e0 l&#8217;emplacement de l&#8217;ancienne \u00e9cole des Cadets (encore plus anciennement Caserne des Grenadiers), avec ouverture planifi\u00e9e pour septembre 2012.<\/p>\n\n\n\n<p>Rien n&#8217;y fait. <strong>Depuis 2013, la R\u00e9gie Fonci\u00e8re de la  Ville de Bruxelles<\/strong>, pouss\u00e9e dans le dos par le promoteur Delens, veut y  \u00e9riger un projet hors-norme:  un \u00e9tablissement scolaire mammouth pour 670 \u00e9l\u00e8ves, un hall  sportif semi-enterr\u00e9 (qui accueillera sur son toit une des cours de  r\u00e9cr\u00e9ation (sic)) ainsi que des logements.<\/p>\n\n\n\n<p><strong>En 2016, le projet HOP<\/strong> (pour Horticulteurs-Perruches) d\u00e9barque. La premi\u00e8re enqu\u00eate publique a lieu au printemps et pr\u00e9voit 75 logements (trois barres de logements) sur le haut du site, tandis que l&#8217;\u00e9norme \u00e9cole occupe le bas. Le comit\u00e9 de quartier et les habitants se mobilisent et prennent part en nombre \u00e0 la commission de concertation, dont l&#8217;avis sera d\u00e9favorable.<\/p>\n\n\n\n<p>De retour un an plus tard, au <strong>printemps 2017, le projet HOP2<\/strong>, a r\u00e9duit le nombre de logement \u00e0 45 en supprimant une barre de logement, mais l&#8217;emprise au sol est toujours de 14000 m<sup>2<\/sup> de surface b\u00e9tonn\u00e9e. Les permis sont cette fois n\u00e9anmoins accord\u00e9s. Les habitants, d\u00e9cid\u00e9s \u00e0 obtenir gain de cause, se lancent alors dans une saga administrative et judiciaire.<\/p>\n\n\n\n<p> Alors que le  Conseil d\u2019Etat, au vu des irr\u00e9gularit\u00e9s constat\u00e9es, suspendait dans l\u2019urgence les permis d\u2019urbanisme d&#8217;HOP2, et que des voix au sein de la nouvelle  majorit\u00e9 laissaient entendre une remise \u00e0 plat du projet en concertation  avec les habitants, la R\u00e9gie n\u2019attendant ni la d\u00e9cision finale du  Conseil d\u2019Etat, ni la concertation,  introduit en <strong>septembre 2019<\/strong>, parall\u00e8lement \u00e0 la  proc\u00e9dure HOP2 toujours en cours, une nouvelle demande de permis &#8211; <strong>HOP3 &#8211;<\/strong> \u00e0 peine corrig\u00e9e \u00e0 la  marge, \u00e0 la stup\u00e9faction des riverains.<\/p>\n\n\n\n<p>Une fois de plus, les habitants, comit\u00e9 et associations unissent leurs force &#8211; le collectif Save Donderberg voit le jour &#8211;  pour emp\u00eacher la r\u00e9alisation dudit projet. Le 3 mars 2020, l<em>a commission de concertation rend un <strong>avis <em><strong>favorable sous conditions<\/strong><\/em><\/strong><\/em> <em><strong>sur HOP3<\/strong> :  tandis que le projet d&#8217;\u00e9cole est maintenu, les logements ne seront plus sur la partie nord du site mais devront \u00eatre implant\u00e9s le long de la rue des Horticulteurs<\/em>.<\/p>\n\n\n\n<p><strong>Fin janvier 2021, le projet HOP4<\/strong> est arriv\u00e9 : les nouveaut\u00e9s sont les 8 logements et commerce\/\u00e9tablissement horeca en lisi\u00e8re de site et la r\u00e9duction de l&#8217;empris au sol \u00e0 9300 m\u00b2 de surface b\u00e9tonn\u00e9e. N\u00e9anmoins, le nombre d&#8217;arbres sacrifi\u00e9s n&#8217;a pas diminu\u00e9&#8230; Encore une occasion manqu\u00e9e de pr\u00e9sever le site. <a href=\"http:\/\/savedonderberg.laeken.brussels\/index.php\/hop4\/\">D\u00e9couvrez le projet HOP4<\/a><\/p>\n\n\n\n<p> Les habitants du  quartier Donderberg ont toujours cherch\u00e9 \u00e0 \u00eatre constructifs et sont  ouverts \u00e0 une utilisation raisonn\u00e9e de cet espace (voir les projets alternatifs soumis au fil des ann\u00e9es). Le programme propos\u00e9  par le promoteur, dense et aux forts impacts n\u00e9gatifs, ne s\u2019adapte en revanche pas du tout \u00e0 cette parcelle enclav\u00e9e. D\u2019autres <a href=\"http:\/\/savedonderberg.laeken.brussels\/index.php\/projet-alternatif\/\">projets d\u2019int\u00e9r\u00eat  collectif<\/a> y trouveraient bien mieux leur place, tout en respectant la nature  et l\u2019histoire des lieux.<\/p>\n\n\n\n<p> Alors que d\u2019aucuns militent pour  l\u2019ouverture du Domaine royal voisin, le Donderberg qui en faisait partie  est, lui, directement en p\u00e9ril. Face aux multiples d\u00e9fis de l\u2019urgence  climatique, il va de notre responsabilit\u00e9 de pr\u00e9server ces espaces naturels en  milieu urbain. <strong>Sauvons le Donderberg !<\/strong><\/p>\n\n\n\n<p><\/p>\n\n\n\n<figure class=\"wp-block-image size-large\"><img loading=\"lazy\" decoding=\"async\" width=\"1024\" height=\"769\" src=\"http:\/\/savedonderberg.laeken.brussels\/wp-content\/uploads\/2020\/01\/P1210337-1024x769.jpg\" alt=\"\" class=\"wp-image-193\" srcset=\"https:\/\/savedonderberg.laeken.brussels\/wp-content\/uploads\/2020\/01\/P1210337-1024x769.jpg 1024w, https:\/\/savedonderberg.laeken.brussels\/wp-content\/uploads\/2020\/01\/P1210337-300x225.jpg 300w, https:\/\/savedonderberg.laeken.brussels\/wp-content\/uploads\/2020\/01\/P1210337-768x577.jpg 768w, https:\/\/savedonderberg.laeken.brussels\/wp-content\/uploads\/2020\/01\/P1210337-1536x1153.jpg 1536w, https:\/\/savedonderberg.laeken.brussels\/wp-content\/uploads\/2020\/01\/P1210337-2048x1538.jpg 2048w\" sizes=\"(max-width: 1024px) 100vw, 1024px\" \/><figcaption>Un des arbres remarquables<\/figcaption><\/figure>\n","protected":false},"excerpt":{"rendered":"<p>De tous temps les paysages de Laeken ont inspir\u00e9 les peintres paysagistes. Ci dessous un tableau d&#8217; Andreas Martin montrant la dr\u00e8ve Saint-Anne au 18 si\u00e8cle et le Donderberg \u00e0 droite. Ancienne p\u00e9pini\u00e8re du Domaine royal c\u00e9d\u00e9e en 1900 par L\u00e9opold II \u00e0 l&#8217;\u00c9tat belge dans le cadre de la Loi sur la Donation royale, &hellip; <\/p>\n<p class=\"link-more\"><a href=\"https:\/\/savedonderberg.laeken.brussels\/index.php\/histoire\/\" class=\"more-link\">Read more<span class=\"screen-reader-text\"> &#8220;Un peu d&#8217;histoire&#8221;<\/span><\/a><\/p>\n","protected":false},"author":1,"featured_media":221,"parent":0,"menu_order":0,"comment_status":"closed","ping_status":"closed","template":"","meta":{"footnotes":""},"yoast_head":"<!-- This site is optimized with the Yoast SEO plugin v15.7 - https:\/\/yoast.com\/wordpress\/plugins\/seo\/ -->\n<title>Un peu d&#039;histoire - Save Donderberg - Laeken<\/title>\n<meta name=\"robots\" content=\"index, follow, max-snippet:-1, max-image-preview:large, max-video-preview:-1\" \/>\n<link rel=\"canonical\" href=\"https:\/\/savedonderberg.laeken.brussels\/index.php\/histoire\/\" \/>\n<meta property=\"og:locale\" content=\"en_GB\" \/>\n<meta property=\"og:type\" content=\"article\" \/>\n<meta property=\"og:title\" content=\"Un peu d&#039;histoire - Save Donderberg - Laeken\" \/>\n<meta property=\"og:description\" content=\"De tous temps les paysages de Laeken ont inspir\u00e9 les peintres paysagistes. Ci dessous un tableau d&#8217; Andreas Martin montrant la dr\u00e8ve Saint-Anne au 18 si\u00e8cle et le Donderberg \u00e0 droite. Ancienne p\u00e9pini\u00e8re du Domaine royal c\u00e9d\u00e9e en 1900 par L\u00e9opold II \u00e0 l&#8217;\u00c9tat belge dans le cadre de la Loi sur la Donation royale, &hellip; Read more &quot;Un peu d&#8217;histoire&quot;\" \/>\n<meta property=\"og:url\" content=\"https:\/\/savedonderberg.laeken.brussels\/index.php\/histoire\/\" \/>\n<meta property=\"og:site_name\" content=\"Save Donderberg - Laeken\" \/>\n<meta property=\"article:modified_time\" content=\"2021-03-17T13:16:16+00:00\" \/>\n<meta property=\"og:image\" content=\"https:\/\/savedonderberg.laeken.brussels\/wp-content\/uploads\/2020\/02\/renard-1024x576.png\" \/>\n\t<meta property=\"og:image:width\" content=\"1024\" \/>\n\t<meta property=\"og:image:height\" content=\"576\" \/>\n<meta name=\"twitter:card\" content=\"summary_large_image\" \/>\n<meta name=\"twitter:label1\" content=\"Estimated reading time\">\n\t<meta name=\"twitter:data1\" content=\"5 minutes\">\n<script type=\"application\/ld+json\" class=\"yoast-schema-graph\">{\"@context\":\"https:\/\/schema.org\",\"@graph\":[{\"@type\":\"WebSite\",\"@id\":\"https:\/\/savedonderberg.laeken.brussels\/#website\",\"url\":\"https:\/\/savedonderberg.laeken.brussels\/\",\"name\":\"Save Donderberg - Laeken\",\"description\":\"Sauvons l&#039;espace vert du Donderberg \\u00e0 Laeken\",\"potentialAction\":[{\"@type\":\"SearchAction\",\"target\":\"https:\/\/savedonderberg.laeken.brussels\/?s={search_term_string}\",\"query-input\":\"required name=search_term_string\"}],\"inLanguage\":\"en-GB\"},{\"@type\":\"ImageObject\",\"@id\":\"https:\/\/savedonderberg.laeken.brussels\/index.php\/histoire\/#primaryimage\",\"inLanguage\":\"en-GB\",\"url\":\"https:\/\/savedonderberg.laeken.brussels\/wp-content\/uploads\/2020\/02\/renard.png\",\"width\":1920,\"height\":1080},{\"@type\":\"WebPage\",\"@id\":\"https:\/\/savedonderberg.laeken.brussels\/index.php\/histoire\/#webpage\",\"url\":\"https:\/\/savedonderberg.laeken.brussels\/index.php\/histoire\/\",\"name\":\"Un peu d'histoire - Save Donderberg - Laeken\",\"isPartOf\":{\"@id\":\"https:\/\/savedonderberg.laeken.brussels\/#website\"},\"primaryImageOfPage\":{\"@id\":\"https:\/\/savedonderberg.laeken.brussels\/index.php\/histoire\/#primaryimage\"},\"datePublished\":\"2019-12-06T21:51:10+00:00\",\"dateModified\":\"2021-03-17T13:16:16+00:00\",\"inLanguage\":\"en-GB\",\"potentialAction\":[{\"@type\":\"ReadAction\",\"target\":[\"https:\/\/savedonderberg.laeken.brussels\/index.php\/histoire\/\"]}]}]}<\/script>\n<!-- \/ Yoast SEO plugin. -->","_links":{"self":[{"href":"https:\/\/savedonderberg.laeken.brussels\/index.php\/wp-json\/wp\/v2\/pages\/8"}],"collection":[{"href":"https:\/\/savedonderberg.laeken.brussels\/index.php\/wp-json\/wp\/v2\/pages"}],"about":[{"href":"https:\/\/savedonderberg.laeken.brussels\/index.php\/wp-json\/wp\/v2\/types\/page"}],"author":[{"embeddable":true,"href":"https:\/\/savedonderberg.laeken.brussels\/index.php\/wp-json\/wp\/v2\/users\/1"}],"replies":[{"embeddable":true,"href":"https:\/\/savedonderberg.laeken.brussels\/index.php\/wp-json\/wp\/v2\/comments?post=8"}],"version-history":[{"count":21,"href":"https:\/\/savedonderberg.laeken.brussels\/index.php\/wp-json\/wp\/v2\/pages\/8\/revisions"}],"predecessor-version":[{"id":1492,"href":"https:\/\/savedonderberg.laeken.brussels\/index.php\/wp-json\/wp\/v2\/pages\/8\/revisions\/1492"}],"wp:featuredmedia":[{"embeddable":true,"href":"https:\/\/savedonderberg.laeken.brussels\/index.php\/wp-json\/wp\/v2\/media\/221"}],"wp:attachment":[{"href":"https:\/\/savedonderberg.laeken.brussels\/index.php\/wp-json\/wp\/v2\/media?parent=8"}],"curies":[{"name":"wp","href":"https:\/\/api.w.org\/{rel}","templated":true}]}}