{"id":144,"date":"2019-12-24T15:24:56","date_gmt":"2019-12-24T15:24:56","guid":{"rendered":"http:\/\/savedonderberg.laeken.brussels\/?page_id=144"},"modified":"2020-01-07T17:49:23","modified_gmt":"2020-01-07T17:49:23","slug":"de-la-congestion-a-la-paralysie","status":"publish","type":"page","link":"https:\/\/savedonderberg.laeken.brussels\/index.php\/de-la-congestion-a-la-paralysie\/","title":{"rendered":"De la congestion \u00e0 la paralysie"},"content":{"rendered":"\n<p>Depuis le lancement du projet par les autorit\u00e9s, les\nriverains alarment sur l\u2019hyper-densit\u00e9 de celui-ci et les d\u00e9g\u00e2ts et nuisances\nqu\u2019il causera.<\/p>\n\n\n\n<p>Outre le site lui-m\u00eame, c\u2019est l\u2019ensemble de l\u2019environnement du Donderberg qui est ni\u00e9 par les porteurs du projet. Comme s\u2019ils ne s\u2019\u00e9taient uniquement focalis\u00e9s que sur la rencontre entre les exigences irr\u00e9alistes de la Ville et la topographie du terrain, en fermant les yeux sur ses impacts.<\/p>\n\n\n\n<p>Le rapport d\u2019incidence montre par exemple que le nombre de v\u00e9hicules attendus d\u00e9passera les capacit\u00e9s d\u2019absorption des rues du quartiers.<\/p>\n\n\n\n<p><\/p>\n\n\n\n<p><strong>Une situation d\u00e9j\u00e0 probl\u00e9matique<\/strong><\/p>\n\n\n\n<p>A l\u2019heure actuelle que ce soit en matin\u00e9e ou soir\u00e9e, la\nsituation est loin d\u2019\u00eatre brillante. La pr\u00e9sence de l\u2019\u00e9cole europ\u00e9enne et du complexe\nd\u2019\u00e9coles n\u00e9erlandophones (qui cumulent ensemble plus de 4.000 \u00e9l\u00e8ves), entra\u00eene\nd\u00e9j\u00e0 des probl\u00e8mes importants de mobilit\u00e9 dans le quartier.<\/p>\n\n\n\n<p>Vu son excentrement sur le territoire communal, de nombreux parents am\u00e8nent en effet leurs enfants en voiture. Ajoutez \u00e0 cela, les septante bus scolaires de l\u2019\u00e9cole europ\u00e9enne, les d\u00e9placements des riverains et la structure des voiries (un maillage de rues \u00e9troites en sens unique, coinc\u00e9 entre 2 axes importants) et vous comprendrez rapidement que le quartier souffre d\u00e9j\u00e0 de congestion automobile.<\/p>\n\n\n\n<p>Avec le projet HOP on passera de la congestion \u00e0 la paralysie.<\/p>\n\n\n\n<p><\/p>\n\n\n\n<p><strong>Impact du projet HOP<\/strong><\/p>\n\n\n\n<p>Le projet HOP, c\u2019est 50 logements (et leur parking\nsous-terrain de 120 voitures) ainsi qu\u2019une \u00e9cole fondamentale pour 700 \u00e9l\u00e8ves.\nQui dit \u00e9cole fondamentale dit forte proportion de parents amenant leurs\nenfants en voiture (moyenne r\u00e9gionale&nbsp;: 40%). Cette proportion ne pourra\nqu\u2019\u00eatre aggrav\u00e9e au vu de la capacit\u00e9 de l\u2019\u00e9cole bien sup\u00e9rieure aux besoins du\npetit quartier du Donderberg et son positionnement dans la Ville&nbsp;: le\nquartier, et donc l\u2019\u00e9cole, \u00e9tant isol\u00e9 par le domaine royal \u00e0 l\u2019Est, le domaine\ndu Stuyvenberg et les parcs au Nord et pour terminer par les \u00e9coles\nn\u00e9erlandophones et le cimeti\u00e8re de Laeken au Sud.<\/p>\n\n\n\n<p>M\u00eame en en restant aux estimations optimistes reprises dans le rapport d\u2019incidence, le constat est accablant.<\/p>\n\n\n\n<p><\/p>\n\n\n\n<p><strong>En chiffres et en images<\/strong><\/p>\n\n\n\n<p>Pour comprendre la probl\u00e9matique nous allons analyser l\u2019impact du projet HOP pour la <strong>rue des Horticulteurs, en semaine, entre 8 et 9h du matin.<\/strong> Les chiffres ci-dessous proviennent du rapport d\u2019incidence (et de comptages propres aux riverains en ce qui concerne la mobilit\u00e9 douce qui avait \u00e9t\u00e9 oubli\u00e9e).<\/p>\n\n\n\n<figure class=\"wp-block-image size-large\"><img fetchpriority=\"high\" decoding=\"async\" width=\"1024\" height=\"517\" src=\"http:\/\/savedonderberg.laeken.brussels\/wp-content\/uploads\/2019\/12\/trafic0-1024x517.png\" alt=\"\" class=\"wp-image-151\" srcset=\"https:\/\/savedonderberg.laeken.brussels\/wp-content\/uploads\/2019\/12\/trafic0-1024x517.png 1024w, https:\/\/savedonderberg.laeken.brussels\/wp-content\/uploads\/2019\/12\/trafic0-300x152.png 300w, https:\/\/savedonderberg.laeken.brussels\/wp-content\/uploads\/2019\/12\/trafic0-768x388.png 768w, https:\/\/savedonderberg.laeken.brussels\/wp-content\/uploads\/2019\/12\/trafic0.png 1485w\" sizes=\"(max-width: 1024px) 100vw, 1024px\" \/><figcaption>Situation actuelle, rue des Horticulteurs \u00e0 gauche et rue des Chrysanth\u00e8mes sur la droite.<br><\/figcaption><\/figure>\n\n\n\n<p>Vu le <strong>positionnement en cul-de-sac du projet HOP<\/strong>,  l&#8217;ensemble de la circulation vers l&#8217;\u00e9cole et les immeubles d&#8217;appartements doit passer par la rue des Horticulteurs. Pour \u00e9viter que toutes les voitures ne p\u00e9n\u00e8trent dans la voie sans issue, les entrepreneurs ont pr\u00e9vu que <strong>la rue des  Horticulteurs<\/strong> soit <strong>transform\u00e9e en principale zone de d\u00e9pose-minute<\/strong> pour l\u2019\u00e9cole HOP (pour ce faire, le stationnement riverain de tout un c\u00f4t\u00e9 de la rue est supprim\u00e9 au profit de stationnement courte dur\u00e9e). <\/p>\n\n\n\n<figure class=\"wp-block-image size-large\"><img decoding=\"async\" width=\"1024\" height=\"353\" src=\"http:\/\/savedonderberg.laeken.brussels\/wp-content\/uploads\/2020\/01\/EL7L-hdXYAE7Wsd.jpg-1024x353.jpg\" alt=\"\" class=\"wp-image-171\" srcset=\"https:\/\/savedonderberg.laeken.brussels\/wp-content\/uploads\/2020\/01\/EL7L-hdXYAE7Wsd.jpg-1024x353.jpg 1024w, https:\/\/savedonderberg.laeken.brussels\/wp-content\/uploads\/2020\/01\/EL7L-hdXYAE7Wsd.jpg-300x104.jpg 300w, https:\/\/savedonderberg.laeken.brussels\/wp-content\/uploads\/2020\/01\/EL7L-hdXYAE7Wsd.jpg-768x265.jpg 768w, https:\/\/savedonderberg.laeken.brussels\/wp-content\/uploads\/2020\/01\/EL7L-hdXYAE7Wsd.jpg-1536x530.jpg 1536w, https:\/\/savedonderberg.laeken.brussels\/wp-content\/uploads\/2020\/01\/EL7L-hdXYAE7Wsd.jpg.jpg 1880w\" sizes=\"(max-width: 1024px) 100vw, 1024px\" \/><\/figure>\n\n\n\n<p><strong>La rue des Horticulteurs<\/strong> -contrairement \u00e0 une erreur factuelle flagrante du rapport d&#8217;incidence, la consid\u00e9rant comme une voirie \u00e0 50km\/h- est<strong> <\/strong>une voie sens unique \u00e9troite situ\u00e9e en zone 30. Elle<strong> ne peut accueillir th\u00e9oriquement qu&#8217;un nombre maximal de 300 EVP\/h <\/strong>(\u00e9quivalent v\u00e9hicule personnel par heure).<\/p>\n\n\n\n<p>Un nombre tout ce qu\u2019il y a de plus th\u00e9orique puisqu&#8217;avec les 104,5 EVP (93 voitures\/23 v\u00e9los) compt\u00e9s en avril 2015, auxquels s&#8217;ajoutent entre temps les v\u00e9hicules suppl\u00e9mentaires d\u00fbs \u00e0 l&#8217;augmentation  du nombre d&#8217;\u00e9l\u00e8ves de l&#8217;\u00e9cole europ\u00e9enne, <strong>on constate d\u00e9j\u00e0 des embarras de circulation<\/strong> (au niveau du carrefour avec le boulevard Emile Bockstael, rue du Mont Saint Alban et en aval, rue des Chrysanth\u00e8me).<\/p>\n\n\n\n<p><\/p>\n\n\n\n<p><strong>Avec le projet HOP<\/strong>, les comptages pr\u00e9voient de passer entre 8 et 9h de 104,5 EVP\/h \u00e0 <strong>424 EVP\/h<\/strong> (327 voitures et 192 v\u00e9los). Voitures qui devront \u00e9galement, pour la plupart, se stationner pour d\u00e9poser leurs enfants, ce qui cr\u00e9era d&#8217;in\u00e9vitables embarras suppl\u00e9mentaires.<\/p>\n\n\n\n<figure class=\"wp-block-image size-large\"><img decoding=\"async\" width=\"1024\" height=\"517\" src=\"http:\/\/savedonderberg.laeken.brussels\/wp-content\/uploads\/2019\/12\/trafic7-1024x517.png\" alt=\"\" class=\"wp-image-162\" srcset=\"https:\/\/savedonderberg.laeken.brussels\/wp-content\/uploads\/2019\/12\/trafic7-1024x517.png 1024w, https:\/\/savedonderberg.laeken.brussels\/wp-content\/uploads\/2019\/12\/trafic7-300x151.png 300w, https:\/\/savedonderberg.laeken.brussels\/wp-content\/uploads\/2019\/12\/trafic7-768x388.png 768w, https:\/\/savedonderberg.laeken.brussels\/wp-content\/uploads\/2019\/12\/trafic7.png 1486w\" sizes=\"(max-width: 1024px) 100vw, 1024px\" \/><figcaption>En rouge, le trafic induit par le projet HOP.<\/figcaption><\/figure>\n\n\n\n<p>Dans le m\u00eame laps de temps, <strong>le nombre de pi\u00e9tons passera lui de 354 \u00e0 1276\u00a0<\/strong>! Ils devront dans leur majorit\u00e9 traverser la rue des Horticulteurs sur les passages pour pi\u00e9tons pour rejoindre l\u2019\u00e9cole HOP, ce qui finira de bloquer l\u2019ensemble de la circulation.<\/p>\n\n\n\n<figure class=\"wp-block-image size-full\"><img loading=\"lazy\" decoding=\"async\" width=\"1492\" height=\"1117\" src=\"http:\/\/savedonderberg.laeken.brussels\/wp-content\/uploads\/2019\/12\/trafic4.png\" alt=\"\" class=\"wp-image-153\" srcset=\"https:\/\/savedonderberg.laeken.brussels\/wp-content\/uploads\/2019\/12\/trafic4.png 1492w, https:\/\/savedonderberg.laeken.brussels\/wp-content\/uploads\/2019\/12\/trafic4-300x225.png 300w, https:\/\/savedonderberg.laeken.brussels\/wp-content\/uploads\/2019\/12\/trafic4-1024x767.png 1024w, https:\/\/savedonderberg.laeken.brussels\/wp-content\/uploads\/2019\/12\/trafic4-768x575.png 768w\" sizes=\"(max-width: 1492px) 100vw, 1492px\" \/><\/figure>\n\n\n\n<p>Ajoutons que le comptage effectu\u00e9 par les riverains met en avant le fait que plus de \u00be des trajets comptabilis\u00e9s dans le laps de temps choisi de 8 \u00e0 9h dans le rapport d\u2019incidence, ont lieu, en fait, pendant les 30 premi\u00e8res minutes de cette heure de pointe. Cette concentration impliquera une saturation et des impacts sur la mobilit\u00e9 encore plus grands en amont et en aval.<\/p>\n\n\n\n<p><strong>Conclusions<\/strong><\/p>\n\n\n\n<p>Pour r\u00e9sumer, \u00e0 l&#8217;entr\u00e9e du goulet de la rue des Horticulteurs, <strong>dans un m\u00eame laps de temps de moins d&#8217;1h, devront donc cohabiter pas moins de 327 voitures, 192 v\u00e9los et 1276 pi\u00e9tons. Comment ne pas voir le chaos se profiler.<\/strong> <\/p>\n\n\n\n<p>Tous (habitants, collectivit\u00e9s, \u00e9coliers et leurs parents,\u2026) p\u00e2tiront de la situation ainsi cr\u00e9\u00e9e par les porteurs du projet HOP.<\/p>\n\n\n\n<p>Nous ne comprenons pas, comment face \u00e0 ce constat accablant, les autorit\u00e9s ne s\u2019obligent \u00e0 pr\u00e9voir un plan de mobilit\u00e9 adapt\u00e9 (s\u2019il peut l\u2019\u00eatre) ou ne tirent la conclusion\u00a0que ce projet, tel qu\u2019imagin\u00e9 il y a 10 ans, uniquement sur base de m\u00b2 disponibles, n\u2019a d\u00e9finitivement pas sa place dans un tel environnement.<\/p>\n\n\n\n<figure class=\"wp-block-embed-youtube wp-block-embed is-type-video is-provider-youtube wp-embed-aspect-4-3 wp-has-aspect-ratio\"><div class=\"wp-block-embed__wrapper\">\n<iframe title=\"Projet HOP : De la congestion \u00e0 la paralysie de tout un quartier\" width=\"950\" height=\"713\" src=\"https:\/\/www.youtube.com\/embed\/sehfD6NTIEE?feature=oembed\" frameborder=\"0\" allow=\"accelerometer; autoplay; clipboard-write; encrypted-media; gyroscope; picture-in-picture; web-share\" referrerpolicy=\"strict-origin-when-cross-origin\" allowfullscreen><\/iframe>\n<\/div><\/figure>\n\n\n\n<figure class=\"wp-block-table is-style-stripes\"><table class=\"\"><tbody><tr><td>La situation dans la rue des Chrysanth\u00e8mes est aussi probl\u00e9matique que dans la rue des Horticulteurs. Notamment parce qu&#8217;en plus du flux de la rue des Horticulteurs, elle re\u00e7oit une partie du trafic g\u00e9n\u00e9r\u00e9 par l&#8217;\u00e9cole europ\u00e9enne. <br><br>Sur base des m\u00eames comptages, avec le projet HOP, elle accueillera entre 8h et 9h -et principalement avant 8h30- 360EVP, sans m\u00eame comptabiliser les cyclistes. Soit \u00e0 nouveau bien au dessus des capacit\u00e9s d&#8217;absorption horaire de la voirie. Cette saturation entra\u00eenera des probl\u00e8mes aux acc\u00e8s de l&#8217;\u00e9cole europ\u00e9enne: Dr\u00e8ve Saint-Anne, rue M\u00e9dori et rue des Horticulteurs.<\/td><\/tr><\/tbody><\/table><\/figure>\n","protected":false},"excerpt":{"rendered":"<p>Depuis le lancement du projet par les autorit\u00e9s, les riverains alarment sur l\u2019hyper-densit\u00e9 de celui-ci et les d\u00e9g\u00e2ts et nuisances qu\u2019il causera. Outre le site lui-m\u00eame, c\u2019est l\u2019ensemble de l\u2019environnement du Donderberg qui est ni\u00e9 par les porteurs du projet. Comme s\u2019ils ne s\u2019\u00e9taient uniquement focalis\u00e9s que sur la rencontre entre les exigences irr\u00e9alistes de &hellip; <\/p>\n<p class=\"link-more\"><a href=\"https:\/\/savedonderberg.laeken.brussels\/index.php\/de-la-congestion-a-la-paralysie\/\" class=\"more-link\">Read more<span class=\"screen-reader-text\"> &#8220;De la congestion \u00e0 la paralysie&#8221;<\/span><\/a><\/p>\n","protected":false},"author":4,"featured_media":171,"parent":0,"menu_order":0,"comment_status":"closed","ping_status":"closed","template":"","meta":{"footnotes":""},"yoast_head":"<!-- This site is optimized with the Yoast SEO plugin v15.7 - https:\/\/yoast.com\/wordpress\/plugins\/seo\/ -->\n<title>De la congestion \u00e0 la paralysie - Save Donderberg - Laeken<\/title>\n<meta name=\"robots\" content=\"index, follow, max-snippet:-1, max-image-preview:large, max-video-preview:-1\" \/>\n<link rel=\"canonical\" href=\"https:\/\/savedonderberg.laeken.brussels\/index.php\/de-la-congestion-a-la-paralysie\/\" \/>\n<meta property=\"og:locale\" content=\"en_GB\" \/>\n<meta property=\"og:type\" content=\"article\" \/>\n<meta property=\"og:title\" content=\"De la congestion \u00e0 la paralysie - Save Donderberg - Laeken\" \/>\n<meta property=\"og:description\" content=\"Depuis le lancement du projet par les autorit\u00e9s, les riverains alarment sur l\u2019hyper-densit\u00e9 de celui-ci et les d\u00e9g\u00e2ts et nuisances qu\u2019il causera. Outre le site lui-m\u00eame, c\u2019est l\u2019ensemble de l\u2019environnement du Donderberg qui est ni\u00e9 par les porteurs du projet. Comme s\u2019ils ne s\u2019\u00e9taient uniquement focalis\u00e9s que sur la rencontre entre les exigences irr\u00e9alistes de &hellip; Read more &quot;De la congestion \u00e0 la paralysie&quot;\" \/>\n<meta property=\"og:url\" content=\"https:\/\/savedonderberg.laeken.brussels\/index.php\/de-la-congestion-a-la-paralysie\/\" \/>\n<meta property=\"og:site_name\" content=\"Save Donderberg - Laeken\" \/>\n<meta property=\"article:modified_time\" content=\"2020-01-07T17:49:23+00:00\" \/>\n<meta property=\"og:image\" content=\"https:\/\/savedonderberg.laeken.brussels\/wp-content\/uploads\/2020\/01\/EL7L-hdXYAE7Wsd.jpg.jpg\" \/>\n\t<meta property=\"og:image:width\" content=\"1880\" \/>\n\t<meta property=\"og:image:height\" content=\"649\" \/>\n<meta name=\"twitter:card\" content=\"summary_large_image\" \/>\n<meta name=\"twitter:label1\" content=\"Estimated reading time\">\n\t<meta name=\"twitter:data1\" content=\"5 minutes\">\n<script type=\"application\/ld+json\" class=\"yoast-schema-graph\">{\"@context\":\"https:\/\/schema.org\",\"@graph\":[{\"@type\":\"WebSite\",\"@id\":\"https:\/\/savedonderberg.laeken.brussels\/#website\",\"url\":\"https:\/\/savedonderberg.laeken.brussels\/\",\"name\":\"Save Donderberg - Laeken\",\"description\":\"Sauvons l&#039;espace vert du Donderberg \\u00e0 Laeken\",\"potentialAction\":[{\"@type\":\"SearchAction\",\"target\":\"https:\/\/savedonderberg.laeken.brussels\/?s={search_term_string}\",\"query-input\":\"required name=search_term_string\"}],\"inLanguage\":\"en-GB\"},{\"@type\":\"ImageObject\",\"@id\":\"https:\/\/savedonderberg.laeken.brussels\/index.php\/de-la-congestion-a-la-paralysie\/#primaryimage\",\"inLanguage\":\"en-GB\",\"url\":\"https:\/\/savedonderberg.laeken.brussels\/wp-content\/uploads\/2020\/01\/EL7L-hdXYAE7Wsd.jpg.jpg\",\"width\":1880,\"height\":649},{\"@type\":\"WebPage\",\"@id\":\"https:\/\/savedonderberg.laeken.brussels\/index.php\/de-la-congestion-a-la-paralysie\/#webpage\",\"url\":\"https:\/\/savedonderberg.laeken.brussels\/index.php\/de-la-congestion-a-la-paralysie\/\",\"name\":\"De la congestion \\u00e0 la paralysie - Save Donderberg - Laeken\",\"isPartOf\":{\"@id\":\"https:\/\/savedonderberg.laeken.brussels\/#website\"},\"primaryImageOfPage\":{\"@id\":\"https:\/\/savedonderberg.laeken.brussels\/index.php\/de-la-congestion-a-la-paralysie\/#primaryimage\"},\"datePublished\":\"2019-12-24T15:24:56+00:00\",\"dateModified\":\"2020-01-07T17:49:23+00:00\",\"inLanguage\":\"en-GB\",\"potentialAction\":[{\"@type\":\"ReadAction\",\"target\":[\"https:\/\/savedonderberg.laeken.brussels\/index.php\/de-la-congestion-a-la-paralysie\/\"]}]}]}<\/script>\n<!-- \/ Yoast SEO plugin. -->","_links":{"self":[{"href":"https:\/\/savedonderberg.laeken.brussels\/index.php\/wp-json\/wp\/v2\/pages\/144"}],"collection":[{"href":"https:\/\/savedonderberg.laeken.brussels\/index.php\/wp-json\/wp\/v2\/pages"}],"about":[{"href":"https:\/\/savedonderberg.laeken.brussels\/index.php\/wp-json\/wp\/v2\/types\/page"}],"author":[{"embeddable":true,"href":"https:\/\/savedonderberg.laeken.brussels\/index.php\/wp-json\/wp\/v2\/users\/4"}],"replies":[{"embeddable":true,"href":"https:\/\/savedonderberg.laeken.brussels\/index.php\/wp-json\/wp\/v2\/comments?post=144"}],"version-history":[{"count":9,"href":"https:\/\/savedonderberg.laeken.brussels\/index.php\/wp-json\/wp\/v2\/pages\/144\/revisions"}],"predecessor-version":[{"id":175,"href":"https:\/\/savedonderberg.laeken.brussels\/index.php\/wp-json\/wp\/v2\/pages\/144\/revisions\/175"}],"wp:featuredmedia":[{"embeddable":true,"href":"https:\/\/savedonderberg.laeken.brussels\/index.php\/wp-json\/wp\/v2\/media\/171"}],"wp:attachment":[{"href":"https:\/\/savedonderberg.laeken.brussels\/index.php\/wp-json\/wp\/v2\/media?parent=144"}],"curies":[{"name":"wp","href":"https:\/\/api.w.org\/{rel}","templated":true}]}}