{"id":1223,"date":"2022-03-17T11:21:26","date_gmt":"2022-03-17T11:21:26","guid":{"rendered":"http:\/\/savedonderberg.laeken.brussels\/?page_id=1223"},"modified":"2022-03-17T21:01:17","modified_gmt":"2022-03-17T21:01:17","slug":"communique-de-presse-22-6-2021-vicinaux","status":"publish","type":"page","link":"https:\/\/savedonderberg.laeken.brussels\/index.php\/communique-de-presse-22-6-2021-vicinaux\/","title":{"rendered":"Communiqu\u00e9 de presse &#8211; 22\/6\/2021 &#8211; (Vicinaux)"},"content":{"rendered":"\n<p class=\"has-text-align-center\"><strong>Les vicinaux supprim\u00e9s, n\u2019y a-t-il plus rien \u00e0 faire&nbsp;?<\/strong><\/p>\n\n\n\n<p><strong><em>La Ville de Bruxelles a vot\u00e9 la suppression d\u00e9finitive des vicinaux le 14\/06 mais ouvre le site cet \u00e9t\u00e9<\/em><\/strong><\/p>\n\n\n\n<div class=\"wp-block-image\"><figure class=\"aligncenter size-large\"><img fetchpriority=\"high\" decoding=\"async\" width=\"440\" height=\"296\" src=\"http:\/\/savedonderberg.laeken.brussels\/wp-content\/uploads\/2022\/03\/Picture_comm_suppression.jpg\" alt=\"\" class=\"wp-image-1225\" srcset=\"https:\/\/savedonderberg.laeken.brussels\/wp-content\/uploads\/2022\/03\/Picture_comm_suppression.jpg 440w, https:\/\/savedonderberg.laeken.brussels\/wp-content\/uploads\/2022\/03\/Picture_comm_suppression-300x202.jpg 300w\" sizes=\"(max-width: 440px) 100vw, 440px\" \/><\/figure><\/div>\n\n\n\n<p><strong>Laeken, le 22 juin 2021. Tandis que son conseil communal s\u2019appr\u00eatait \u00e0 proc\u00e9der dans la plus grande discr\u00e9tion au vote de la suppression d\u00e9finitive des chemins vicinaux n\u00b014 et 29, la Ville de Bruxelles entreprenait en parall\u00e8le une concertation avec le quartier du Donderberg pour ouvrir le site le temps d\u2019un \u00e9t\u00e9. Quelle est la temp\u00e9rature dans ce quartier malmen\u00e9&nbsp;?<\/strong><\/p>\n\n\n\n<p><strong><em>Suppression d\u00e9finitive des vicinaux<\/em><\/strong><\/p>\n\n\n\n<p>On se souvient que la commission de concertation (CC) avait rendu, le 7 avril 2021, un avis favorable sur la <strong>suppression des chemins vicinaux n\u00b014 et 29 et du sentier vicinal n\u00b0 71<\/strong>, en d\u00e9pit de <strong>l\u2019avis contraire de l\u2019ARAU et des comit\u00e9, collectif et association laekenoises, qui souhaitaient leur maintien et l\u2019ouverture du Donderberg<\/strong> \u00e0 tous. L\u2019enqu\u00eate pr\u00e9alable \u00e0 la commission de concertation avait en effet suscit\u00e9 plus de 300 r\u00e9actions s\u2019opposant \u00e0 la d\u00e9cision de suppression provisoire prise par le conseil communal le 22 juin 2020.<\/p>\n\n\n\n<p>Fort de l\u2019avis favorable de la CC, <strong>le coll\u00e8ge a proc\u00e9d\u00e9, le 14 juin, <\/strong><a href=\"https:\/\/business-player.onrewind.tv\/?p=5a8a2d62-b46c-4847-a67d-9243ffd4b35c&amp;parentDomain=https%253A%252F%252Fwww.bruxelles.be%252Fconseil-live&amp;roomId=de45fa2a-741b-7cef-b8df-eedef0c0ab4c\"><strong>au vote de la suppression d\u00e9finitive<\/strong><\/a> sans laisser le temps \u00e0 la population de se retourner, puisque ce point est apparu sous forme de \u00ab&nbsp;suppl\u00e9ment \u00e0 l\u2019OJ&nbsp;\u00bb du conseil du lundi 14 juin, mis en ligne le vendredi 11 juin apr\u00e8s-midi (en probable infraction avec l\u2019article 8 du r\u00e8glement d\u2019ordre int\u00e9rieur du conseil communal, qui pr\u00e9voit un d\u00e9lai minimal de 7 jours, hors cas d\u2019urgence.)<\/p>\n\n\n\n<figure class=\"wp-block-image size-large\"><img decoding=\"async\" width=\"1024\" height=\"830\" src=\"http:\/\/savedonderberg.laeken.brussels\/wp-content\/uploads\/2022\/03\/Picture_vicinaux-1024x830.png\" alt=\"\" class=\"wp-image-1228\" srcset=\"https:\/\/savedonderberg.laeken.brussels\/wp-content\/uploads\/2022\/03\/Picture_vicinaux-1024x830.png 1024w, https:\/\/savedonderberg.laeken.brussels\/wp-content\/uploads\/2022\/03\/Picture_vicinaux-300x243.png 300w, https:\/\/savedonderberg.laeken.brussels\/wp-content\/uploads\/2022\/03\/Picture_vicinaux-768x623.png 768w, https:\/\/savedonderberg.laeken.brussels\/wp-content\/uploads\/2022\/03\/Picture_vicinaux.png 1358w\" sizes=\"(max-width: 1024px) 100vw, 1024px\" \/><\/figure>\n\n\n\n<p><strong><em>Des chemins vicinaux \u2026 g\u00eanant le projet HOP<\/em><\/strong><\/p>\n\n\n\n<p><strong>Trois vicinaux sillonnent le site<\/strong>, le sentier n\u00b071, \u00e0 l\u2019ouest du site, longe le versant de la rue du Mont Saint-Alban, tandis que les chemins n\u00b014 et 29 y donnent acc\u00e8s respectivement par le sud et par le sud-est (entr\u00e9e de Bruxelles-Environnement). Ces voiries historiques ont \u00e9t\u00e9 <strong>illicitement confisqu\u00e9es \u00e0 la population, par la pose de cl\u00f4tures et de portails, pour certains depuis plusieurs dizaines d\u2019ann\u00e9es<\/strong>. N\u00e9anmoins les habitants du quartier \u2013 et pas que les riverains &#8211;&nbsp; n\u2019ont jamais cess\u00e9 d\u2019emprunter ces cheminements, s\u2019accommodant, bon an mal an, des entraves mises \u00e0 leur libre circulation. Ayant appris, pour certains \u00e0 l\u2019occasion de l\u2019enqu\u00eate, qu\u2019il s\u2019agissait de chemins vicinaux, donc de voies publiques qui leur appartiennent \u2026 ils ne comptent pas se les laisser ravir sans r\u00e9agir. Une <strong>action de r\u00e9appropriation, signal\u00e9e sur les comptes des <\/strong><a href=\"https:\/\/twitter.com\/Donderberg2\/status\/1396845361042440194\"><strong>r\u00e9seaux sociaux<\/strong><\/a><strong>, a \u00e9t\u00e9 men\u00e9e le lundi de Pentec\u00f4te (24\/05) sur le chemin vicinal n\u00b014<\/strong> et a accueilli une cinquantaine de Laekenois et autres.<\/p>\n\n\n\n<p>Et pourtant la d\u00e9cision de la Ville est irr\u00e9vocable, puisque <strong>les vicinaux n\u00b0 14 et 29 en question entravent le tr\u00e8s controvers\u00e9 projet HOP, qui pr\u00e9voit une \u00e9cole fondamentale de 672 places scolaires dans un micro- quartier qui en compte d\u00e9j\u00e0 4000<\/strong>.<\/p>\n\n\n\n<p><strong><em>Ouverture du Donderberg cet \u00e9t\u00e9<\/em><\/strong><\/p>\n\n\n\n<p>Le plus d\u00e9sagr\u00e9able pour les habitants est le jeu de dupes de la Ville. En effet, l\u2019\u00e9chevin \u00e0 la participation (\u00c9colo) informait jeudi 10 juin les divers comit\u00e9\/collectifs du quartier du Donderberg de l\u2019<strong>intention de la Ville d\u2019ouvrir le Donderberg <\/strong>pendant l\u2019\u00e9t\u00e9, avec demande de <em>feedback<\/em> pour le lundi 14. <strong>Ce geste en direction du quartier semblait inesp\u00e9r\u00e9 et prometteur&nbsp;! <\/strong>Ce qu\u2019il omettait de mentionner, cependant, c\u2019\u00e9tait que la suppression des vicinaux serait \u00e0 l\u2019OJ du conseil communal du lundi 14. Alors, participation ou jeu de dupes&nbsp;?<\/p>\n\n\n\n<p><em>Concertation avec la R\u00e9gie fonci\u00e8re<\/em><\/p>\n\n\n\n<p>Les comit\u00e9s sont \u00e0 pr\u00e9sent convi\u00e9s \u00e0 la R\u00e9gion fonci\u00e8re ce mercredi 23 juin pour discuter des modalit\u00e9s de l\u2019ouverture temporaire. Que sortira-t-il de cette concertation\u00a0? Il faut rappeler que le quartier a \u00e9t\u00e9 secou\u00e9 en <strong>novembre 2020 <\/strong>par une<strong> brutale op\u00e9ration<\/strong> dite d\u2019\u00a0\u00ab\u00a0<em>\u00e9lagage d\u2019un arbre dans le bas du site\u00a0\u00bb<\/em>, mais qui a bien plut\u00f4t consist\u00e9 en une premi\u00e8re mise en \u0153uvre de <strong>d\u00e9broussaillage et de coupe d\u2019arbres hautes tiges consistant \u00e0 \u00e9largir le sentier n\u00b071<\/strong>, qui devrait devenir une des voies d\u2019acc\u00e8s au site HOP. Et ce, ironie du sort, pendant la <em>Semaine de l\u2019arbre<\/em> de la Ville de Bruxelles \u2026<\/p>\n\n\n\n<p>Point positif, l\u2019ouverture du site \u00e0 tous avait \u00e9t\u00e9 <a href=\"http:\/\/savedonderberg.laeken.brussels\/index.php\/demandes-pour-lete-2020\/\">demand\u00e9e<\/a> par l\u2019ASBL Laeken.Bruxelles pour l\u2019\u00e9t\u00e9 2020 \u2026 mais \u00e9tait toujours \u00e0 l\u2019\u00e9tude. Si l\u2019on peut saluer l\u2019actuel projet d\u2019ouverture comme un geste en direction des habitants \u00e0 la recherche d\u2019ilots de fra\u00eecheur, il convient de rappeler que le Donderberg reste menac\u00e9 par <strong>le projet HOP4 qui, ayant re\u00e7u un avis favorable de la CC, suit son cours<\/strong>.<strong><\/strong><\/p>\n\n\n\n<p><strong><em>Inaction climatique<\/em><\/strong><\/p>\n\n\n\n<p>\u00c0 l\u2019heure o\u00f9, <strong>apr\u00e8s six ans de proc\u00e9dure <em>Klimaatzaak\/Affaire Climat<\/em>, le tribunal de premi\u00e8re instance de Bruxelles vient de condamner l\u2019Etat f\u00e9d\u00e9ral et les trois R\u00e9gions pour leur inaction climatique, la Ville de Bruxelles continuera-t-elle encore longtemps \u00e0 d\u00e9truire ses espaces naturels, avec le soutien de la R\u00e9gion bruxelloise de surcro\u00eet\u00a0?<\/strong><\/p>\n\n\n\n<p><strong>Le Donderberg est un tr\u00e9sor de patrimoine naturel et historique, du fait de sa provenance de la Donation royale <u>et<\/u> de la coul\u00e9e verte qu\u2019il forme avec les parcs laekenois :<\/strong> <strong>l\u2019amputer de pr\u00e8s de 60% de sa surface, b\u00e2tir sur ce sol \u00e0 haute valeur biologique et couper 171 arbres sont des points irrecevables pour les d\u00e9fenseurs du Donderberg, <\/strong>d\u2019ici et d\u2019ailleurs.<\/p>\n\n\n\n<p><strong><em>Leur suppression d\u00e9finitive par le conseil communal sonne-t-elle le glas des chemins vicinaux\u00a0?<\/em><\/strong><\/p>\n\n\n\n<p>Rien n\u2019est moins s\u00fbr&nbsp;: les collectif, comit\u00e9 et ASBL comptent, en effet, faire usage de leur droit de recours devant le gouvernement r\u00e9gional, d\u00e8s que la Ville aura officiellement publi\u00e9 l\u2019arr\u00eat\u00e9 du gouvernement, comme le veut la loi de 1841. En attendant <strong>les actions de r\u00e9appropriation des chemins vicinaux se poursuivent<\/strong>&nbsp;: la prochaineest annonc\u00e9e pour le d\u00e9but de l\u2019\u00e9t\u00e9, ce <strong>samedi 26 juin apr\u00e8s-midi<\/strong>.<\/p>\n\n\n\n<p>CONTACT<\/p>\n\n\n\n<p>Save Donderberg<\/p>\n\n\n\n<p>E-mail&nbsp;: <a href=\"mailto:save.donderberg@laeken.brussels\">save.donderberg@laeken.brussels<\/a> http:\/\/savedonderberg.laeken.brussels\/<br><a href=\"http:\/\/savedonderberg.laeken.brussels\/index.php\/commission-de-concertation-vicinaux-hop4\/\">http:\/\/savedonderberg.laeken.brussels\/index.php\/commission-de-concertation-vicinaux-hop4\/<\/a><\/p>\n","protected":false},"excerpt":{"rendered":"<p>Les vicinaux supprim\u00e9s, n\u2019y a-t-il plus rien \u00e0 faire&nbsp;? La Ville de Bruxelles a vot\u00e9 la suppression d\u00e9finitive des vicinaux le 14\/06 mais ouvre le site cet \u00e9t\u00e9 Laeken, le 22 juin 2021. Tandis que son conseil communal s\u2019appr\u00eatait \u00e0 proc\u00e9der dans la plus grande discr\u00e9tion au vote de la suppression d\u00e9finitive des chemins vicinaux &hellip; <\/p>\n<p class=\"link-more\"><a href=\"https:\/\/savedonderberg.laeken.brussels\/index.php\/communique-de-presse-22-6-2021-vicinaux\/\" class=\"more-link\">Read more<span class=\"screen-reader-text\"> &#8220;Communiqu\u00e9 de presse &#8211; 22\/6\/2021 &#8211; (Vicinaux)&#8221;<\/span><\/a><\/p>\n","protected":false},"author":6,"featured_media":0,"parent":0,"menu_order":0,"comment_status":"closed","ping_status":"closed","template":"","meta":{"footnotes":""},"yoast_head":"<!-- This site is optimized with the Yoast SEO plugin v15.7 - https:\/\/yoast.com\/wordpress\/plugins\/seo\/ -->\n<title>Communiqu\u00e9 de presse - 22\/6\/2021 - (Vicinaux) - Save Donderberg - Laeken<\/title>\n<meta name=\"robots\" content=\"index, follow, max-snippet:-1, max-image-preview:large, max-video-preview:-1\" \/>\n<link rel=\"canonical\" href=\"https:\/\/savedonderberg.laeken.brussels\/index.php\/communique-de-presse-22-6-2021-vicinaux\/\" \/>\n<meta property=\"og:locale\" content=\"en_GB\" \/>\n<meta property=\"og:type\" content=\"article\" \/>\n<meta property=\"og:title\" content=\"Communiqu\u00e9 de presse - 22\/6\/2021 - (Vicinaux) - Save Donderberg - Laeken\" \/>\n<meta property=\"og:description\" content=\"Les vicinaux supprim\u00e9s, n\u2019y a-t-il plus rien \u00e0 faire&nbsp;? La Ville de Bruxelles a vot\u00e9 la suppression d\u00e9finitive des vicinaux le 14\/06 mais ouvre le site cet \u00e9t\u00e9 Laeken, le 22 juin 2021. Tandis que son conseil communal s\u2019appr\u00eatait \u00e0 proc\u00e9der dans la plus grande discr\u00e9tion au vote de la suppression d\u00e9finitive des chemins vicinaux &hellip; Read more &quot;Communiqu\u00e9 de presse &#8211; 22\/6\/2021 &#8211; (Vicinaux)&quot;\" \/>\n<meta property=\"og:url\" content=\"https:\/\/savedonderberg.laeken.brussels\/index.php\/communique-de-presse-22-6-2021-vicinaux\/\" \/>\n<meta property=\"og:site_name\" content=\"Save Donderberg - Laeken\" \/>\n<meta property=\"article:modified_time\" content=\"2022-03-17T21:01:17+00:00\" \/>\n<meta property=\"og:image\" content=\"http:\/\/savedonderberg.laeken.brussels\/wp-content\/uploads\/2022\/03\/Picture_comm_suppression.jpg\" \/>\n<meta name=\"twitter:card\" content=\"summary_large_image\" \/>\n<meta name=\"twitter:label1\" content=\"Estimated reading time\">\n\t<meta name=\"twitter:data1\" content=\"5 minutes\">\n<script type=\"application\/ld+json\" class=\"yoast-schema-graph\">{\"@context\":\"https:\/\/schema.org\",\"@graph\":[{\"@type\":\"WebSite\",\"@id\":\"https:\/\/savedonderberg.laeken.brussels\/#website\",\"url\":\"https:\/\/savedonderberg.laeken.brussels\/\",\"name\":\"Save Donderberg - Laeken\",\"description\":\"Sauvons l&#039;espace vert du Donderberg \\u00e0 Laeken\",\"potentialAction\":[{\"@type\":\"SearchAction\",\"target\":\"https:\/\/savedonderberg.laeken.brussels\/?s={search_term_string}\",\"query-input\":\"required name=search_term_string\"}],\"inLanguage\":\"en-GB\"},{\"@type\":\"ImageObject\",\"@id\":\"https:\/\/savedonderberg.laeken.brussels\/index.php\/communique-de-presse-22-6-2021-vicinaux\/#primaryimage\",\"inLanguage\":\"en-GB\",\"url\":\"http:\/\/savedonderberg.laeken.brussels\/wp-content\/uploads\/2022\/03\/Picture_comm_suppression.jpg\"},{\"@type\":\"WebPage\",\"@id\":\"https:\/\/savedonderberg.laeken.brussels\/index.php\/communique-de-presse-22-6-2021-vicinaux\/#webpage\",\"url\":\"https:\/\/savedonderberg.laeken.brussels\/index.php\/communique-de-presse-22-6-2021-vicinaux\/\",\"name\":\"Communiqu\\u00e9 de presse - 22\/6\/2021 - (Vicinaux) - Save Donderberg - Laeken\",\"isPartOf\":{\"@id\":\"https:\/\/savedonderberg.laeken.brussels\/#website\"},\"primaryImageOfPage\":{\"@id\":\"https:\/\/savedonderberg.laeken.brussels\/index.php\/communique-de-presse-22-6-2021-vicinaux\/#primaryimage\"},\"datePublished\":\"2022-03-17T11:21:26+00:00\",\"dateModified\":\"2022-03-17T21:01:17+00:00\",\"inLanguage\":\"en-GB\",\"potentialAction\":[{\"@type\":\"ReadAction\",\"target\":[\"https:\/\/savedonderberg.laeken.brussels\/index.php\/communique-de-presse-22-6-2021-vicinaux\/\"]}]}]}<\/script>\n<!-- \/ Yoast SEO plugin. -->","_links":{"self":[{"href":"https:\/\/savedonderberg.laeken.brussels\/index.php\/wp-json\/wp\/v2\/pages\/1223"}],"collection":[{"href":"https:\/\/savedonderberg.laeken.brussels\/index.php\/wp-json\/wp\/v2\/pages"}],"about":[{"href":"https:\/\/savedonderberg.laeken.brussels\/index.php\/wp-json\/wp\/v2\/types\/page"}],"author":[{"embeddable":true,"href":"https:\/\/savedonderberg.laeken.brussels\/index.php\/wp-json\/wp\/v2\/users\/6"}],"replies":[{"embeddable":true,"href":"https:\/\/savedonderberg.laeken.brussels\/index.php\/wp-json\/wp\/v2\/comments?post=1223"}],"version-history":[{"count":2,"href":"https:\/\/savedonderberg.laeken.brussels\/index.php\/wp-json\/wp\/v2\/pages\/1223\/revisions"}],"predecessor-version":[{"id":1244,"href":"https:\/\/savedonderberg.laeken.brussels\/index.php\/wp-json\/wp\/v2\/pages\/1223\/revisions\/1244"}],"wp:attachment":[{"href":"https:\/\/savedonderberg.laeken.brussels\/index.php\/wp-json\/wp\/v2\/media?parent=1223"}],"curies":[{"name":"wp","href":"https:\/\/api.w.org\/{rel}","templated":true}]}}