{"id":11,"date":"2019-12-06T21:51:10","date_gmt":"2019-12-06T21:51:10","guid":{"rendered":"http:\/\/savedonderberg.laeken.brussels\/?page_id=11"},"modified":"2022-03-29T13:06:57","modified_gmt":"2022-03-29T13:06:57","slug":"la-flore-faune","status":"publish","type":"page","link":"https:\/\/savedonderberg.laeken.brussels\/index.php\/la-flore-faune\/","title":{"rendered":"La faune &#038; la flore"},"content":{"rendered":"\n<p><strong>La nature a repris ses droits sur le Donderbeg<\/strong>, livr\u00e9 \u00e0 lui-m\u00eame depuis 50 ans, en faisant une petite r\u00e9serve naturelle au coeur d&#8217;un quartier inscrit dans le maillage vert de Laeken. <\/p>\n\n\n\n<p>Ce site fait partie d&#8217;un \u00e9cosyst\u00e8me plus vaste et abrite notamment des renards, des furets, des batraciens et de nombreuses chauves-souris (comptage de Natagora, \u00e9t\u00e9 2020). Nous n&#8217;avons pas identifi\u00e9 tous les oiseaux et sommes preneurs si quelque ornithologue voulait venir nous aider. <\/p>\n\n\n\n<p>Concernant la flore, le site compte plus de 5OO arbres \u00e0 haute tiges dont <strong>treize <a href=\"https:\/\/sites.heritage.brussels\/index.php?quick_search=donderberg&amp;section=trees&amp;lg=fr\" target=\"_blank\" rel=\"noreferrer noopener\">arbres remarquables<\/a><\/strong> sont repris \u00e0 l&#8217;inventaire de la r\u00e9gion bruxelloise (2013)<\/p>\n\n\n\n<figure class=\"wp-block-image size-large\"><img fetchpriority=\"high\" decoding=\"async\" width=\"1024\" height=\"576\" src=\"http:\/\/savedonderberg.laeken.brussels\/wp-content\/uploads\/2020\/02\/renard-1024x576.png\" alt=\"\" class=\"wp-image-221\" srcset=\"https:\/\/savedonderberg.laeken.brussels\/wp-content\/uploads\/2020\/02\/renard-1024x576.png 1024w, https:\/\/savedonderberg.laeken.brussels\/wp-content\/uploads\/2020\/02\/renard-300x169.png 300w, https:\/\/savedonderberg.laeken.brussels\/wp-content\/uploads\/2020\/02\/renard-768x432.png 768w, https:\/\/savedonderberg.laeken.brussels\/wp-content\/uploads\/2020\/02\/renard-1536x864.png 1536w, https:\/\/savedonderberg.laeken.brussels\/wp-content\/uploads\/2020\/02\/renard.png 1920w\" sizes=\"(max-width: 1024px) 100vw, 1024px\" \/><\/figure>\n\n\n\n<figure class=\"wp-block-image size-large\"><img decoding=\"async\" width=\"960\" height=\"640\" src=\"http:\/\/savedonderberg.laeken.brussels\/wp-content\/uploads\/2019\/12\/79202300_10220282085512404_5054115796498776064_n.jpg\" alt=\"\" class=\"wp-image-53\" srcset=\"https:\/\/savedonderberg.laeken.brussels\/wp-content\/uploads\/2019\/12\/79202300_10220282085512404_5054115796498776064_n.jpg 960w, https:\/\/savedonderberg.laeken.brussels\/wp-content\/uploads\/2019\/12\/79202300_10220282085512404_5054115796498776064_n-300x200.jpg 300w, https:\/\/savedonderberg.laeken.brussels\/wp-content\/uploads\/2019\/12\/79202300_10220282085512404_5054115796498776064_n-768x512.jpg 768w\" sizes=\"(max-width: 960px) 100vw, 960px\" \/><\/figure>\n\n\n\n<figure class=\"wp-block-gallery columns-3 is-cropped wp-block-gallery-1 is-layout-flex wp-block-gallery-is-layout-flex\"><ul class=\"blocks-gallery-grid\"><li class=\"blocks-gallery-item\"><figure><img decoding=\"async\" width=\"1024\" height=\"768\" src=\"http:\/\/savedonderberg.laeken.brussels\/wp-content\/uploads\/2019\/12\/78867207_10157800719450750_9031926888997584896_o-1024x768.jpg\" alt=\"\" data-id=\"31\" data-full-url=\"http:\/\/savedonderberg.laeken.brussels\/wp-content\/uploads\/2019\/12\/78867207_10157800719450750_9031926888997584896_o.jpg\" data-link=\"http:\/\/savedonderberg.laeken.brussels\/78867207_10157800719450750_9031926888997584896_o\/\" class=\"wp-image-31\" srcset=\"https:\/\/savedonderberg.laeken.brussels\/wp-content\/uploads\/2019\/12\/78867207_10157800719450750_9031926888997584896_o-1024x768.jpg 1024w, https:\/\/savedonderberg.laeken.brussels\/wp-content\/uploads\/2019\/12\/78867207_10157800719450750_9031926888997584896_o-300x225.jpg 300w, https:\/\/savedonderberg.laeken.brussels\/wp-content\/uploads\/2019\/12\/78867207_10157800719450750_9031926888997584896_o-768x576.jpg 768w, https:\/\/savedonderberg.laeken.brussels\/wp-content\/uploads\/2019\/12\/78867207_10157800719450750_9031926888997584896_o-1536x1152.jpg 1536w, https:\/\/savedonderberg.laeken.brussels\/wp-content\/uploads\/2019\/12\/78867207_10157800719450750_9031926888997584896_o-1568x1176.jpg 1568w, https:\/\/savedonderberg.laeken.brussels\/wp-content\/uploads\/2019\/12\/78867207_10157800719450750_9031926888997584896_o.jpg 2048w\" sizes=\"(max-width: 1024px) 100vw, 1024px\" \/><\/figure><\/li><li class=\"blocks-gallery-item\"><figure><img loading=\"lazy\" decoding=\"async\" width=\"768\" height=\"1024\" src=\"http:\/\/savedonderberg.laeken.brussels\/wp-content\/uploads\/2019\/12\/78055950_10162566902085156_1878559394656944128_o-768x1024.jpg\" alt=\"\" data-id=\"25\" data-full-url=\"http:\/\/savedonderberg.laeken.brussels\/wp-content\/uploads\/2019\/12\/78055950_10162566902085156_1878559394656944128_o.jpg\" data-link=\"http:\/\/savedonderberg.laeken.brussels\/78055950_10162566902085156_1878559394656944128_o\/\" class=\"wp-image-25\" srcset=\"https:\/\/savedonderberg.laeken.brussels\/wp-content\/uploads\/2019\/12\/78055950_10162566902085156_1878559394656944128_o-768x1024.jpg 768w, https:\/\/savedonderberg.laeken.brussels\/wp-content\/uploads\/2019\/12\/78055950_10162566902085156_1878559394656944128_o-225x300.jpg 225w, https:\/\/savedonderberg.laeken.brussels\/wp-content\/uploads\/2019\/12\/78055950_10162566902085156_1878559394656944128_o-1152x1536.jpg 1152w, https:\/\/savedonderberg.laeken.brussels\/wp-content\/uploads\/2019\/12\/78055950_10162566902085156_1878559394656944128_o.jpg 1500w\" sizes=\"(max-width: 768px) 100vw, 768px\" \/><\/figure><\/li><li class=\"blocks-gallery-item\"><figure><img loading=\"lazy\" decoding=\"async\" width=\"1024\" height=\"576\" src=\"http:\/\/savedonderberg.laeken.brussels\/wp-content\/uploads\/2019\/12\/IMG_20190715_193127-copie-1024x576.jpg\" alt=\"\" data-id=\"33\" data-full-url=\"http:\/\/savedonderberg.laeken.brussels\/wp-content\/uploads\/2019\/12\/IMG_20190715_193127-copie-scaled.jpg\" data-link=\"http:\/\/savedonderberg.laeken.brussels\/img_20190715_193127-copie\/\" class=\"wp-image-33\" srcset=\"https:\/\/savedonderberg.laeken.brussels\/wp-content\/uploads\/2019\/12\/IMG_20190715_193127-copie-1024x576.jpg 1024w, https:\/\/savedonderberg.laeken.brussels\/wp-content\/uploads\/2019\/12\/IMG_20190715_193127-copie-300x169.jpg 300w, https:\/\/savedonderberg.laeken.brussels\/wp-content\/uploads\/2019\/12\/IMG_20190715_193127-copie-768x432.jpg 768w, https:\/\/savedonderberg.laeken.brussels\/wp-content\/uploads\/2019\/12\/IMG_20190715_193127-copie-1536x864.jpg 1536w, https:\/\/savedonderberg.laeken.brussels\/wp-content\/uploads\/2019\/12\/IMG_20190715_193127-copie-2048x1152.jpg 2048w, https:\/\/savedonderberg.laeken.brussels\/wp-content\/uploads\/2019\/12\/IMG_20190715_193127-copie-1568x882.jpg 1568w\" sizes=\"(max-width: 1024px) 100vw, 1024px\" \/><\/figure><\/li><li class=\"blocks-gallery-item\"><figure><img loading=\"lazy\" decoding=\"async\" width=\"1024\" height=\"576\" src=\"http:\/\/savedonderberg.laeken.brussels\/wp-content\/uploads\/2019\/12\/IMG_20190715_194045-copie-1024x576.jpg\" alt=\"\" data-id=\"26\" data-full-url=\"http:\/\/savedonderberg.laeken.brussels\/wp-content\/uploads\/2019\/12\/IMG_20190715_194045-copie-scaled.jpg\" data-link=\"http:\/\/savedonderberg.laeken.brussels\/img_20190715_194045-copie\/\" class=\"wp-image-26\" srcset=\"https:\/\/savedonderberg.laeken.brussels\/wp-content\/uploads\/2019\/12\/IMG_20190715_194045-copie-1024x576.jpg 1024w, https:\/\/savedonderberg.laeken.brussels\/wp-content\/uploads\/2019\/12\/IMG_20190715_194045-copie-300x169.jpg 300w, https:\/\/savedonderberg.laeken.brussels\/wp-content\/uploads\/2019\/12\/IMG_20190715_194045-copie-768x432.jpg 768w, https:\/\/savedonderberg.laeken.brussels\/wp-content\/uploads\/2019\/12\/IMG_20190715_194045-copie-1536x864.jpg 1536w, https:\/\/savedonderberg.laeken.brussels\/wp-content\/uploads\/2019\/12\/IMG_20190715_194045-copie-2048x1152.jpg 2048w, https:\/\/savedonderberg.laeken.brussels\/wp-content\/uploads\/2019\/12\/IMG_20190715_194045-copie-1568x882.jpg 1568w, https:\/\/savedonderberg.laeken.brussels\/wp-content\/uploads\/2019\/12\/IMG_20190715_194045-copie-scaled-2000x1125.jpg 2000w\" sizes=\"(max-width: 1024px) 100vw, 1024px\" \/><\/figure><\/li><li class=\"blocks-gallery-item\"><figure><img loading=\"lazy\" decoding=\"async\" width=\"960\" height=\"644\" src=\"http:\/\/savedonderberg.laeken.brussels\/wp-content\/uploads\/2019\/12\/79368783_10220282084712384_2266827938613690368_n.jpg\" alt=\"\" data-id=\"54\" data-full-url=\"http:\/\/savedonderberg.laeken.brussels\/wp-content\/uploads\/2019\/12\/79368783_10220282084712384_2266827938613690368_n.jpg\" data-link=\"http:\/\/savedonderberg.laeken.brussels\/79368783_10220282084712384_2266827938613690368_n\/\" class=\"wp-image-54\" srcset=\"https:\/\/savedonderberg.laeken.brussels\/wp-content\/uploads\/2019\/12\/79368783_10220282084712384_2266827938613690368_n.jpg 960w, https:\/\/savedonderberg.laeken.brussels\/wp-content\/uploads\/2019\/12\/79368783_10220282084712384_2266827938613690368_n-300x201.jpg 300w, https:\/\/savedonderberg.laeken.brussels\/wp-content\/uploads\/2019\/12\/79368783_10220282084712384_2266827938613690368_n-768x515.jpg 768w\" sizes=\"(max-width: 960px) 100vw, 960px\" \/><\/figure><\/li><\/ul><\/figure>\n\n\n\n<h2 class=\"wp-block-heading\">Plus de photos sur les albums en ligne suivants :<\/h2>\n\n\n\n<p><a href=\"https:\/\/goo.gl\/photos\/hcF5crnQ6wWnyKW48\" target=\"_blank\" rel=\"noreferrer noopener\">https:\/\/goo.gl\/photos\/hcF5crnQ6wWnyKW48<\/a> -&gt; oiseaux<br><a href=\"https:\/\/goo.gl\/photos\/TFuvxGVdeczQWpdXA\" target=\"_blank\" rel=\"noreferrer noopener\">https:\/\/goo.gl\/photos\/TFuvxGVdeczQWpdXA<\/a> -&gt; mammif\u00e8res<br><a href=\"https:\/\/goo.gl\/photos\/nwVg9e5B9NnPjrqN8\" target=\"_blank\" rel=\"noreferrer noopener\">https:\/\/goo.gl\/photos\/nwVg9e5B9NnPjrqN8<\/a> -&gt; insectes, papillons et autres<br><a href=\"https:\/\/goo.gl\/photos\/2Ph7n5mhQv9d32ip6\" target=\"_blank\" rel=\"noreferrer noopener\">https:\/\/goo.gl\/photos\/2Ph7n5mhQv9d32ip6<\/a> -&gt; batraciens<br><a href=\"https:\/\/goo.gl\/photos\/Q3n8Vnq4DBct1csE8\" target=\"_blank\" rel=\"noreferrer noopener\">https:\/\/goo.gl\/photos\/Q3n8Vnq4DBct1csE8<\/a> -&gt; flore<\/p>\n\n\n\n<p>Ces albums sont accessibles \u00e0 n&#8217;importe qui : ajoutez-y vos photos !<\/p>\n","protected":false},"excerpt":{"rendered":"<p>La nature a repris ses droits sur le Donderbeg, livr\u00e9 \u00e0 lui-m\u00eame depuis 50 ans, en faisant une petite r\u00e9serve naturelle au coeur d&#8217;un quartier inscrit dans le maillage vert de Laeken. Ce site fait partie d&#8217;un \u00e9cosyst\u00e8me plus vaste et abrite notamment des renards, des furets, des batraciens et de nombreuses chauves-souris (comptage de &hellip; <\/p>\n<p class=\"link-more\"><a href=\"https:\/\/savedonderberg.laeken.brussels\/index.php\/la-flore-faune\/\" class=\"more-link\">Read more<span class=\"screen-reader-text\"> &#8220;La faune &#038; la flore&#8221;<\/span><\/a><\/p>\n","protected":false},"author":1,"featured_media":26,"parent":0,"menu_order":0,"comment_status":"closed","ping_status":"closed","template":"","meta":{"footnotes":""},"yoast_head":"<!-- This site is optimized with the Yoast SEO plugin v15.7 - https:\/\/yoast.com\/wordpress\/plugins\/seo\/ -->\n<title>La faune &amp; la flore - Save Donderberg - Laeken<\/title>\n<meta name=\"robots\" content=\"index, follow, max-snippet:-1, max-image-preview:large, max-video-preview:-1\" \/>\n<link rel=\"canonical\" href=\"https:\/\/savedonderberg.laeken.brussels\/index.php\/la-flore-faune\/\" \/>\n<meta property=\"og:locale\" content=\"en_GB\" \/>\n<meta property=\"og:type\" content=\"article\" \/>\n<meta property=\"og:title\" content=\"La faune &amp; la flore - Save Donderberg - Laeken\" \/>\n<meta property=\"og:description\" content=\"La nature a repris ses droits sur le Donderbeg, livr\u00e9 \u00e0 lui-m\u00eame depuis 50 ans, en faisant une petite r\u00e9serve naturelle au coeur d&#8217;un quartier inscrit dans le maillage vert de Laeken. Ce site fait partie d&#8217;un \u00e9cosyst\u00e8me plus vaste et abrite notamment des renards, des furets, des batraciens et de nombreuses chauves-souris (comptage de &hellip; Read more &quot;La faune &#038; la flore&quot;\" \/>\n<meta property=\"og:url\" content=\"https:\/\/savedonderberg.laeken.brussels\/index.php\/la-flore-faune\/\" \/>\n<meta property=\"og:site_name\" content=\"Save Donderberg - Laeken\" \/>\n<meta property=\"article:modified_time\" content=\"2022-03-29T13:06:57+00:00\" \/>\n<meta property=\"og:image\" content=\"https:\/\/savedonderberg.laeken.brussels\/wp-content\/uploads\/2019\/12\/IMG_20190715_194045-copie-scaled.jpg\" \/>\n\t<meta property=\"og:image:width\" content=\"2560\" \/>\n\t<meta property=\"og:image:height\" content=\"1440\" \/>\n<meta name=\"twitter:card\" content=\"summary_large_image\" \/>\n<meta name=\"twitter:label1\" content=\"Estimated reading time\">\n\t<meta name=\"twitter:data1\" content=\"3 minutes\">\n<script type=\"application\/ld+json\" class=\"yoast-schema-graph\">{\"@context\":\"https:\/\/schema.org\",\"@graph\":[{\"@type\":\"WebSite\",\"@id\":\"https:\/\/savedonderberg.laeken.brussels\/#website\",\"url\":\"https:\/\/savedonderberg.laeken.brussels\/\",\"name\":\"Save Donderberg - Laeken\",\"description\":\"Sauvons l&#039;espace vert du Donderberg \\u00e0 Laeken\",\"potentialAction\":[{\"@type\":\"SearchAction\",\"target\":\"https:\/\/savedonderberg.laeken.brussels\/?s={search_term_string}\",\"query-input\":\"required name=search_term_string\"}],\"inLanguage\":\"en-GB\"},{\"@type\":\"ImageObject\",\"@id\":\"https:\/\/savedonderberg.laeken.brussels\/index.php\/la-flore-faune\/#primaryimage\",\"inLanguage\":\"en-GB\",\"url\":\"https:\/\/savedonderberg.laeken.brussels\/wp-content\/uploads\/2019\/12\/IMG_20190715_194045-copie-scaled.jpg\",\"width\":2560,\"height\":1440,\"caption\":\"Summer\"},{\"@type\":\"WebPage\",\"@id\":\"https:\/\/savedonderberg.laeken.brussels\/index.php\/la-flore-faune\/#webpage\",\"url\":\"https:\/\/savedonderberg.laeken.brussels\/index.php\/la-flore-faune\/\",\"name\":\"La faune & la flore - Save Donderberg - Laeken\",\"isPartOf\":{\"@id\":\"https:\/\/savedonderberg.laeken.brussels\/#website\"},\"primaryImageOfPage\":{\"@id\":\"https:\/\/savedonderberg.laeken.brussels\/index.php\/la-flore-faune\/#primaryimage\"},\"datePublished\":\"2019-12-06T21:51:10+00:00\",\"dateModified\":\"2022-03-29T13:06:57+00:00\",\"inLanguage\":\"en-GB\",\"potentialAction\":[{\"@type\":\"ReadAction\",\"target\":[\"https:\/\/savedonderberg.laeken.brussels\/index.php\/la-flore-faune\/\"]}]}]}<\/script>\n<!-- \/ Yoast SEO plugin. -->","_links":{"self":[{"href":"https:\/\/savedonderberg.laeken.brussels\/index.php\/wp-json\/wp\/v2\/pages\/11"}],"collection":[{"href":"https:\/\/savedonderberg.laeken.brussels\/index.php\/wp-json\/wp\/v2\/pages"}],"about":[{"href":"https:\/\/savedonderberg.laeken.brussels\/index.php\/wp-json\/wp\/v2\/types\/page"}],"author":[{"embeddable":true,"href":"https:\/\/savedonderberg.laeken.brussels\/index.php\/wp-json\/wp\/v2\/users\/1"}],"replies":[{"embeddable":true,"href":"https:\/\/savedonderberg.laeken.brussels\/index.php\/wp-json\/wp\/v2\/comments?post=11"}],"version-history":[{"count":20,"href":"https:\/\/savedonderberg.laeken.brussels\/index.php\/wp-json\/wp\/v2\/pages\/11\/revisions"}],"predecessor-version":[{"id":1288,"href":"https:\/\/savedonderberg.laeken.brussels\/index.php\/wp-json\/wp\/v2\/pages\/11\/revisions\/1288"}],"wp:featuredmedia":[{"embeddable":true,"href":"https:\/\/savedonderberg.laeken.brussels\/index.php\/wp-json\/wp\/v2\/media\/26"}],"wp:attachment":[{"href":"https:\/\/savedonderberg.laeken.brussels\/index.php\/wp-json\/wp\/v2\/media?parent=11"}],"curies":[{"name":"wp","href":"https:\/\/api.w.org\/{rel}","templated":true}]}}